{"id":2,"date":"2016-04-20T11:14:55","date_gmt":"2016-04-20T10:14:55","guid":{"rendered":"http:\/\/grapfig.net\/?page_id=2"},"modified":"2025-05-21T10:48:23","modified_gmt":"2025-05-21T09:48:23","slug":"page-d-exemple","status":"publish","type":"page","link":"https:\/\/grapfig.net\/?page_id=2","title":{"rendered":"L&#8217;association"},"content":{"rendered":"<p>Le GRAPFIG (Groupe de Recherche et d&#8217;Applications P\u00e9dagogiques en FInance et Gestion) rassemble des enseignants et enseignants chercheurs de gestion d&#8217;IUT et d&#8217;autres composantes universitaires ou Ecole d&#8217;Ing\u00e9nieurs.<\/p>\n<p>L&#8217;objectif de l&#8217;association est la <strong>production d&#8217;outils p\u00e9dagogiques innovants pour l&#8217;enseignement de la gestion<\/strong>. Lors de <strong>s\u00e9minaires de r\u00e9flexion et de production<\/strong>, chacun apporte son savoir et son exp\u00e9rience. Les r\u00e9unions se d\u00e9roulent toujours avec le souci d&#8217;allier <strong>convivialit\u00e9 et efficacit\u00e9<\/strong>.<\/p>\n<p>Ces productions p\u00e9dagogiques originales sont mises \u00e0 la disposition des coll\u00e8gues pour des enseignements \u00e0 des <strong>publics diversifi\u00e9s<\/strong> (BUT, Licence Professionnelle, \u00e9cole d&#8217;ing\u00e9nieurs, Master, formation continue\u2026 de gestion ou non).<\/p>\n<p>Elles sont pr\u00e9sent\u00e9es sur notre site (rubrique &#8221; <a href=\"http:\/\/grapfig.net\/?page_id=16\">autres productions<\/a> &#8220;) et, pour certaines disponibles, aupr\u00e8s de la <a href=\"http:\/\/www.centrale-iut.net\/\">Centrale P\u00e9dagogique<\/a>.<\/p>\n<p>La comp\u00e9tence de ce groupe de recherche a amen\u00e9 plusieurs de ses membres \u00e0 participer \u00e0 des missions d&#8217;expertise en France et \u00e0 l&#8217;\u00e9tranger (formation de formateurs, ing\u00e9nierie p\u00e9dagogique, r\u00e9forme de programmes, centre de ressources p\u00e9dagogiques\u2026).<\/p>\n<p>Gr\u00e2ce \u00e0 ce travail collectif, le GRAPFIG contribue \u00e0 la r\u00e9ussite de la formation universitaire et professionnelle.<\/p>\n<p><a href=\"http:\/\/grapfig.net\/?page_id=204\"><img loading=\"lazy\" decoding=\"async\" class=\"size-medium wp-image-200 aligncenter\" src=\"http:\/\/grapfig.net\/wp-content\/uploads\/2016\/04\/Photo_Grapfig_mai_10-009-300x225.jpg\" alt=\"Photo_Grapfig_mai_10 009\" width=\"300\" height=\"225\" srcset=\"https:\/\/grapfig.net\/wp-content\/uploads\/2016\/04\/Photo_Grapfig_mai_10-009-300x225.jpg 300w, https:\/\/grapfig.net\/wp-content\/uploads\/2016\/04\/Photo_Grapfig_mai_10-009-600x450.jpg 600w, https:\/\/grapfig.net\/wp-content\/uploads\/2016\/04\/Photo_Grapfig_mai_10-009-768x576.jpg 768w, https:\/\/grapfig.net\/wp-content\/uploads\/2016\/04\/Photo_Grapfig_mai_10-009.jpg 1024w, https:\/\/grapfig.net\/wp-content\/uploads\/2016\/04\/Photo_Grapfig_mai_10-009-200x150.jpg 200w, https:\/\/grapfig.net\/wp-content\/uploads\/2016\/04\/Photo_Grapfig_mai_10-009-150x113.jpg 150w\" sizes=\"auto, (max-width: 300px) 100vw, 300px\" \/><\/a><\/p>\n<h3><a href=\"http:\/\/grapfig.net\/?page_id=8\">Liste des membres<\/a><\/h3>\n<p><code><style id=\"wtm-focus-dwl-team-wrapper-3182\">#dwl-team-wrapper-3182 a:focus, #dwl-team-wrapper-3182 button:focus, #dwl-team-wrapper-3182 [tabindex]:focus { outline: 2px solid #2271b1; outline-offset: 2px; box-shadow: none; }<\/style>      <div id=\"dwl-team-wrapper-3182\" class=\"dwl-team-wrapper wtm-container-fluid wtm-team-manager-shortcode-generator \"  role=\"region\" aria-label=\"Team members\" data-settings=\"{&quot;dwl_team_layout_option&quot;:&quot;grid&quot;,&quot;dwl_team_grid_style_option&quot;:&quot;style-1&quot;,&quot;dwl_team_list_style_option&quot;:&quot;style-1&quot;,&quot;dwl_team_slider_style_option&quot;:&quot;style-1&quot;,&quot;dwl_team_table_style_option&quot;:&quot;style-1&quot;,&quot;dwl_team_mobile&quot;:&quot;1&quot;,&quot;dwl_team_tablet&quot;:&quot;2&quot;,&quot;dwl_team_desktop&quot;:&quot;3&quot;,&quot;dwl_team_autoplay&quot;:&quot;yes&quot;,&quot;dwl_team_show_arrow&quot;:&quot;yes&quot;,&quot;dwl_team_arrow_position&quot;:&quot;side&quot;,&quot;dwl_team_dot_nav&quot;:&quot;yes&quot;,&quot;dwl_team_group_featured_cats&quot;:&quot;a:1:{i:0;s:7:\\&quot;membres\\&quot;;}&quot;,&quot;dwl_team_team_order_by&quot;:&quot;title&quot;,&quot;dwl_team_team_order&quot;:&quot;ASC&quot;,&quot;dwl_team_select_image_size&quot;:&quot;thumbnail&quot;,&quot;dwl_team_image_style&quot;:&quot;thumbnail&quot;}\"\n        data-pagination=\"none\"\n        data-query-paged=\"1\"\n        data-query-ppp=\"3\"\n        data-filter-taxonomy=\"team_groups\"\n      >\n\n              \n        <div class=\"dwl-team-wrapper--main dwl-team-layout-grid dwl-team-wrapper-layout-grid wtm-row g-2 g-lg-3 dwl-team-grid-style-1 dwl-new-team-layout-grid dwl-team-image-style-thumbnail wp-team-arrow-side team-arrow-postion-side dwl-team-cards\"\n          data-arrows=\"1\" \n          data-dots=\"1\"  \n          data-autoplay=\"1\"\n          data-desktop=\"3\" \n          data-tablet=\"2\" \n          data-mobile=\"1\"\n          style=\"          \"\n          data-columns=\"\"\n        >  \n\n          \n    <div class=\"team-member-info-wrap m-0 p-2 wtm-col-lg-4 wtm-col-md-6 wtm-col-12 team_groups-membres post-2 page type-page status-publish hentry\" data-post-id=\"1365\" role=\"listitem\" aria-label=\"Team member: Anne JARRY\" tabindex=\"0\">\n        <div class=\"team-member-info-content\">\n            <header>\n                                    <a href=\"https:\/\/grapfig.net\/?team_manager=anne-jarry\">\n                \n                <img decoding=\"async\" src=\"https:\/\/grapfig.net\/wp-content\/plugins\/wp-team-manager\/includes\/Classes\/assets\/images\/placeholder.png\" alt=\"Team member placeholder image\" class=\"dwl-box-shadow\" loading=\"eager\" \/>\n                                    <\/a>\n                            <\/header>\n\n            <div class=\"team-member-desc\">\n                                            <a href=\"https:\/\/grapfig.net\/?team_manager=anne-jarry\">\n                                            <h2 class=\"team-member-title\">Anne JARRY<\/h2>\n                                            <\/a>\n                                    \n                                                    <div class=\"team-short-bio\">\n                                                    Membre du Grapfig depuis 2017 PRAG dans le&nbsp;d\u00e9partement GEA. Elle enseigne la comptabilit\u00e9 &nbsp; &nbsp;                                            <\/div>\n                \n                  <div class=\"team-member-other-info\"><div class=\"team-member-info\"><i class=\"fas fa-map-marker\"><\/i> <span>IUT Paris Rives de Seine<\/span><\/div><\/div>\n                \n                                            <div class=\"team-member-socials size-0\">\n                    <\/div>\n                        \n                                    <div class=\"wtm-read-more-wrap\">\n                        <a href=\"https:\/\/grapfig.net\/?team_manager=anne-jarry\" class=\"wtm-read-more\">\n                            Read More                        <\/a>\n                    <\/div>\n                            <\/div>\n        <\/div>\n    <\/div>\n\n\n    <div class=\"team-member-info-wrap m-0 p-2 wtm-col-lg-4 wtm-col-md-6 wtm-col-12 team_groups-membres post-2 page type-page status-publish hentry\" data-post-id=\"99\" role=\"listitem\" aria-label=\"Team member: Antoinette CHERAIN\" tabindex=\"0\">\n        <div class=\"team-member-info-content\">\n            <header>\n                                    <a href=\"https:\/\/grapfig.net\/?team_manager=antoinette-cherain\">\n                \n                <img decoding=\"async\" width=\"150\" height=\"150\" src=\"https:\/\/grapfig.net\/wp-content\/uploads\/2016\/04\/Antoinette-150x150.jpg\" class=\"dwl-box-shadow\" alt=\"Photo of Antoinette CHERAIN\" loading=\"eager\" \/>\n                                    <\/a>\n                            <\/header>\n\n            <div class=\"team-member-desc\">\n                                            <a href=\"https:\/\/grapfig.net\/?team_manager=antoinette-cherain\">\n                                            <h2 class=\"team-member-title\">Antoinette CHERAIN<\/h2>\n                                            <\/a>\n                                    \n                                                    <div class=\"team-short-bio\">\n                                                    Membre du Grapfig depuis 1977. Retrait\u00e9e de l&#039;IUT de Troyes. Avec Fran\u00e7oise et Josiane, elle organise nos moments de d\u00e9tente.                                            <\/div>\n                \n                  <div class=\"team-member-other-info\"><div class=\"team-member-info\"><i class=\"fas fa-map-marker\"><\/i> <span>Troyes<\/span><\/div><\/div>\n                \n                                            <div class=\"team-member-socials size-0\">\n                    <\/div>\n                        \n                                    <div class=\"wtm-read-more-wrap\">\n                        <a href=\"https:\/\/grapfig.net\/?team_manager=antoinette-cherain\" class=\"wtm-read-more\">\n                            Read More                        <\/a>\n                    <\/div>\n                            <\/div>\n        <\/div>\n    <\/div>\n\n\n    <div class=\"team-member-info-wrap m-0 p-2 wtm-col-lg-4 wtm-col-md-6 wtm-col-12 team_groups-membres post-2 page type-page status-publish hentry\" data-post-id=\"1354\" role=\"listitem\" aria-label=\"Team member: C\u00e9cile MADELAIN\" tabindex=\"0\">\n        <div class=\"team-member-info-content\">\n            <header>\n                                    <a href=\"https:\/\/grapfig.net\/?team_manager=cecile-madelain\">\n                \n                <img decoding=\"async\" width=\"150\" height=\"150\" src=\"https:\/\/grapfig.net\/wp-content\/uploads\/2016\/04\/P1390181-150x150.jpg\" class=\"dwl-box-shadow\" alt=\"Photo of C\u00e9cile MADELAIN\" loading=\"eager\" \/>\n                                    <\/a>\n                            <\/header>\n\n            <div class=\"team-member-desc\">\n                                            <a href=\"https:\/\/grapfig.net\/?team_manager=cecile-madelain\">\n                                            <h2 class=\"team-member-title\">C\u00e9cile MADELAIN<\/h2>\n                                            <\/a>\n                                    \n                                                    <div class=\"team-short-bio\">\n                                                    Membre du Grapfig depuis 2016. Elle a rejoint Fran\u00e7oise, Antoinette et Josiane \u00e0 l&#039;organisation des moments de d\u00e9tente du groupe. &nbsp;                                            <\/div>\n                \n                  <div class=\"team-member-other-info\"><div class=\"team-member-info\"><i class=\"fas fa-map-marker\"><\/i> <span>Nantes<\/span><\/div><\/div>\n                \n                                            <div class=\"team-member-socials size-0\">\n                    <\/div>\n                        \n                                    <div class=\"wtm-read-more-wrap\">\n                        <a href=\"https:\/\/grapfig.net\/?team_manager=cecile-madelain\" class=\"wtm-read-more\">\n                            Read More                        <\/a>\n                    <\/div>\n                            <\/div>\n        <\/div>\n    <\/div>\n\n\n    <div class=\"team-member-info-wrap m-0 p-2 wtm-col-lg-4 wtm-col-md-6 wtm-col-12 team_groups-membres post-2 page type-page status-publish hentry\" data-post-id=\"91\" role=\"listitem\" aria-label=\"Team member: Christelle BOUGUENNEC\" tabindex=\"0\">\n        <div class=\"team-member-info-content\">\n            <header>\n                                    <a href=\"https:\/\/grapfig.net\/?team_manager=christelle-bouguennec\">\n                \n                <img decoding=\"async\" width=\"150\" height=\"150\" src=\"https:\/\/grapfig.net\/wp-content\/uploads\/2016\/04\/Christelle_Bouguenec-150x150.jpg\" class=\"dwl-box-shadow\" alt=\"Christelle BOUGUENNEC, Membre\" loading=\"eager\" \/>\n                                    <\/a>\n                            <\/header>\n\n            <div class=\"team-member-desc\">\n                                            <a href=\"https:\/\/grapfig.net\/?team_manager=christelle-bouguennec\">\n                                            <h2 class=\"team-member-title\">Christelle BOUGUENNEC<\/h2>\n                                            <\/a>\n                                    \n                                    <h4 class=\"team-position\">\n                        Membre                    <\/h4>\n                                                    <div class=\"team-short-bio\">\n                                                    Membre du Grapfig depuis 2003. En poste \u00e0 l&#039;\u00e9cole des hautes \u00e9tudes en sant\u00e9 publique (EHESP) &nbsp; &nbsp;                                            <\/div>\n                \n                  <div class=\"team-member-other-info\"><div class=\"team-member-info\"><i class=\"fas fa-map-marker\"><\/i> <span>INSA Rennes<\/span><\/div><\/div>\n                \n                                                    \n                                    <div class=\"wtm-read-more-wrap\">\n                        <a href=\"https:\/\/grapfig.net\/?team_manager=christelle-bouguennec\" class=\"wtm-read-more\">\n                            Read More                        <\/a>\n                    <\/div>\n                            <\/div>\n        <\/div>\n    <\/div>\n\n\n    <div class=\"team-member-info-wrap m-0 p-2 wtm-col-lg-4 wtm-col-md-6 wtm-col-12 team_groups-membres post-2 page type-page status-publish hentry\" data-post-id=\"104\" role=\"listitem\" aria-label=\"Team member: Claudette DUMORTIER\" tabindex=\"0\">\n        <div class=\"team-member-info-content\">\n            <header>\n                                    <a href=\"https:\/\/grapfig.net\/?team_manager=claudette-dumortier\">\n                \n                <img decoding=\"async\" width=\"150\" height=\"150\" src=\"https:\/\/grapfig.net\/wp-content\/uploads\/2016\/04\/Claudette_dumortier-150x150.jpg\" class=\"dwl-box-shadow\" alt=\"Claudette DUMORTIER, Pr\u00e9sidente honoraire\" loading=\"eager\" \/>\n                                    <\/a>\n                            <\/header>\n\n            <div class=\"team-member-desc\">\n                                            <a href=\"https:\/\/grapfig.net\/?team_manager=claudette-dumortier\">\n                                            <h2 class=\"team-member-title\">Claudette DUMORTIER<\/h2>\n                                            <\/a>\n                                    \n                                    <h4 class=\"team-position\">\n                        Pr\u00e9sidente honoraire                    <\/h4>\n                                                    <div class=\"team-short-bio\">\n                                                    &nbsp; Membre du Grapfig depuis 1996. Elle est Pr\u00e9sidente Honoraire du Grapfig. Retrait\u00e9e de l&#039;IUT de Troyes dans le d\u00e9partement GEA.                                            <\/div>\n                \n                  <div class=\"team-member-other-info\"><div class=\"team-member-info\"><i class=\"fas fa-map-marker\"><\/i> <span>Troyes<\/span><\/div><\/div>\n                \n                                                    \n                                    <div class=\"wtm-read-more-wrap\">\n                        <a href=\"https:\/\/grapfig.net\/?team_manager=claudette-dumortier\" class=\"wtm-read-more\">\n                            Read More                        <\/a>\n                    <\/div>\n                            <\/div>\n        <\/div>\n    <\/div>\n\n\n    <div class=\"team-member-info-wrap m-0 p-2 wtm-col-lg-4 wtm-col-md-6 wtm-col-12 team_groups-membres post-2 page type-page status-publish hentry\" data-post-id=\"1353\" role=\"listitem\" aria-label=\"Team member: Dominique SALAFIA\" tabindex=\"0\">\n        <div class=\"team-member-info-content\">\n            <header>\n                                    <a href=\"https:\/\/grapfig.net\/?team_manager=dominique-salafia\">\n                \n                <img decoding=\"async\" width=\"150\" height=\"150\" src=\"https:\/\/grapfig.net\/wp-content\/uploads\/2016\/04\/P1390178-150x150.jpg\" class=\"dwl-box-shadow\" alt=\"Photo of Dominique SALAFIA\" loading=\"eager\" \/>\n                                    <\/a>\n                            <\/header>\n\n            <div class=\"team-member-desc\">\n                                            <a href=\"https:\/\/grapfig.net\/?team_manager=dominique-salafia\">\n                                            <h2 class=\"team-member-title\">Dominique SALAFIA<\/h2>\n                                            <\/a>\n                                    \n                                                    <div class=\"team-short-bio\">\n                                                    Membre du Grapfig depuis 2016 Retrait\u00e9 du secteur de l&#039;automobile, il assure l&#039;assistance et le ravitaillement du groupe &nbsp; &nbsp; &nbsp;                                            <\/div>\n                \n                  <div class=\"team-member-other-info\"><div class=\"team-member-info\"><i class=\"fas fa-map-marker\"><\/i> <span>Toulouse<\/span><\/div><\/div>\n                \n                                                    \n                                    <div class=\"wtm-read-more-wrap\">\n                        <a href=\"https:\/\/grapfig.net\/?team_manager=dominique-salafia\" class=\"wtm-read-more\">\n                            Read More                        <\/a>\n                    <\/div>\n                            <\/div>\n        <\/div>\n    <\/div>\n\n\n    <div class=\"team-member-info-wrap m-0 p-2 wtm-col-lg-4 wtm-col-md-6 wtm-col-12 team_groups-membres post-2 page type-page status-publish hentry\" data-post-id=\"82\" role=\"listitem\" aria-label=\"Team member: Elisabeth CREMMEL\" tabindex=\"0\">\n        <div class=\"team-member-info-content\">\n            <header>\n                                    <a href=\"https:\/\/grapfig.net\/?team_manager=elisabeth-cremmel\">\n                \n                <img decoding=\"async\" width=\"150\" height=\"150\" src=\"https:\/\/grapfig.net\/wp-content\/uploads\/2016\/04\/Elisabeth_Cremmel-150x150.jpg\" class=\"dwl-box-shadow\" alt=\"Elisabeth CREMMEL, Secr\u00e9taire\" loading=\"eager\" \/>\n                                    <\/a>\n                            <\/header>\n\n            <div class=\"team-member-desc\">\n                                            <a href=\"https:\/\/grapfig.net\/?team_manager=elisabeth-cremmel\">\n                                            <h2 class=\"team-member-title\">Elisabeth CREMMEL<\/h2>\n                                            <\/a>\n                                    \n                                    <h4 class=\"team-position\">\n                        Secr\u00e9taire                    <\/h4>\n                                                    <div class=\"team-short-bio\">\n                                                    Membre du Grapfig depuis 2001. PRAG dans le\u00a0d\u00e9partement GEA. Elle enseigne la comptabilit\u00e9 g\u00e9n\u00e9rale et la comptabilit\u00e9 de gestion                                            <\/div>\n                \n                  <div class=\"team-member-other-info\"><div class=\"team-member-info\"><i class=\"fas fa-map-marker\"><\/i> <span>IUT de Strasbourg<\/span><\/div><\/div>\n                \n                                            <div class=\"team-member-socials size-0\">\n                    <\/div>\n                        \n                                    <div class=\"wtm-read-more-wrap\">\n                        <a href=\"https:\/\/grapfig.net\/?team_manager=elisabeth-cremmel\" class=\"wtm-read-more\">\n                            Read More                        <\/a>\n                    <\/div>\n                            <\/div>\n        <\/div>\n    <\/div>\n\n\n    <div class=\"team-member-info-wrap m-0 p-2 wtm-col-lg-4 wtm-col-md-6 wtm-col-12 team_groups-membres post-2 page type-page status-publish hentry\" data-post-id=\"2198\" role=\"listitem\" aria-label=\"Team member: Florian MARCHAL\" tabindex=\"0\">\n        <div class=\"team-member-info-content\">\n            <header>\n                                    <a href=\"https:\/\/grapfig.net\/?team_manager=florian-marchal\">\n                \n                <img decoding=\"async\" src=\"https:\/\/grapfig.net\/wp-content\/plugins\/wp-team-manager\/includes\/Classes\/assets\/images\/placeholder.png\" alt=\"Team member placeholder image\" class=\"dwl-box-shadow\" loading=\"eager\" \/>\n                                    <\/a>\n                            <\/header>\n\n            <div class=\"team-member-desc\">\n                                            <a href=\"https:\/\/grapfig.net\/?team_manager=florian-marchal\">\n                                            <h2 class=\"team-member-title\">Florian MARCHAL<\/h2>\n                                            <\/a>\n                                    \n                                                    <div class=\"team-short-bio\">\n                                                    Membre du GRAPFIG depuis 2020 PRAG au d\u00e9partement GEA                                            <\/div>\n                \n                  <div class=\"team-member-other-info\"><div class=\"team-member-info\"><i class=\"fas fa-map-marker\"><\/i> <span>IUT de Nancy<\/span><\/div><\/div>\n                \n                                                    \n                                    <div class=\"wtm-read-more-wrap\">\n                        <a href=\"https:\/\/grapfig.net\/?team_manager=florian-marchal\" class=\"wtm-read-more\">\n                            Read More                        <\/a>\n                    <\/div>\n                            <\/div>\n        <\/div>\n    <\/div>\n\n\n    <div class=\"team-member-info-wrap m-0 p-2 wtm-col-lg-4 wtm-col-md-6 wtm-col-12 team_groups-membres post-2 page type-page status-publish hentry\" data-post-id=\"102\" role=\"listitem\" aria-label=\"Team member: Fran\u00e7oise DUBRULLE\" tabindex=\"0\">\n        <div class=\"team-member-info-content\">\n            <header>\n                                    <a href=\"https:\/\/grapfig.net\/?team_manager=francoise-dubrulle\">\n                \n                <img decoding=\"async\" width=\"150\" height=\"150\" src=\"https:\/\/grapfig.net\/wp-content\/uploads\/2016\/04\/Photo_Grapfig_mai_10b-002-150x150.jpg\" class=\"dwl-box-shadow\" alt=\"Fran\u00e7oise DUBRULLE, Membre\" loading=\"eager\" \/>\n                                    <\/a>\n                            <\/header>\n\n            <div class=\"team-member-desc\">\n                                            <a href=\"https:\/\/grapfig.net\/?team_manager=francoise-dubrulle\">\n                                            <h2 class=\"team-member-title\">Fran\u00e7oise DUBRULLE<\/h2>\n                                            <\/a>\n                                    \n                                    <h4 class=\"team-position\">\n                        Membre                    <\/h4>\n                                                    <div class=\"team-short-bio\">\n                                                    Membre du Grapfig depuis 1977 Retrait\u00e9e de l&#039;IUT de Clermont-Ferrand. Avec Antoinette et Josiane, elle organise nos moments de d\u00e9tente. &nbsp;                                            <\/div>\n                \n                  <div class=\"team-member-other-info\"><div class=\"team-member-info\"><i class=\"fas fa-map-marker\"><\/i> <span>Clermont Ferrand<\/span><\/div><\/div>\n                \n                                                    \n                                    <div class=\"wtm-read-more-wrap\">\n                        <a href=\"https:\/\/grapfig.net\/?team_manager=francoise-dubrulle\" class=\"wtm-read-more\">\n                            Read More                        <\/a>\n                    <\/div>\n                            <\/div>\n        <\/div>\n    <\/div>\n\n\n    <div class=\"team-member-info-wrap m-0 p-2 wtm-col-lg-4 wtm-col-md-6 wtm-col-12 team_groups-membres post-2 page type-page status-publish hentry\" data-post-id=\"118\" role=\"listitem\" aria-label=\"Team member: Fr\u00e9d\u00e9ric ROSSI\" tabindex=\"0\">\n        <div class=\"team-member-info-content\">\n            <header>\n                                    <a href=\"https:\/\/grapfig.net\/?team_manager=frederic-rossi\">\n                \n                <img decoding=\"async\" width=\"150\" height=\"150\" src=\"https:\/\/grapfig.net\/wp-content\/uploads\/2016\/04\/113252-150x150.jpg\" class=\"dwl-box-shadow\" alt=\"Fr\u00e9d\u00e9ric ROSSI, Membre\" loading=\"eager\" \/>\n                                    <\/a>\n                            <\/header>\n\n            <div class=\"team-member-desc\">\n                                            <a href=\"https:\/\/grapfig.net\/?team_manager=frederic-rossi\">\n                                            <h2 class=\"team-member-title\">Fr\u00e9d\u00e9ric ROSSI<\/h2>\n                                            <\/a>\n                                    \n                                    <h4 class=\"team-position\">\n                        Membre                    <\/h4>\n                                                    <div class=\"team-short-bio\">\n                                                    Membre du GRAPFIG depuis 1998 (!?). Anciennement PAST \u00e0 l\u2019Universit\u00e9 de Nantes. Il est travailleur ind\u00e9pendant dans l\u2019informatique et le multim\u00e9dia. Metteur en multim\u00e9dia de la Mar\u00e9e Fraternelle et de A la rencontre d\u2019une PMI Maro Oc\u00e9ans. Le plus introverti...                                            <\/div>\n                \n                  <div class=\"team-member-other-info\"><div class=\"team-member-info\"><i class=\"fas fa-map-marker\"><\/i> <span>Nantes<\/span><\/div><\/div>\n                \n                                                    \n                                    <div class=\"wtm-read-more-wrap\">\n                        <a href=\"https:\/\/grapfig.net\/?team_manager=frederic-rossi\" class=\"wtm-read-more\">\n                            Read More                        <\/a>\n                    <\/div>\n                            <\/div>\n        <\/div>\n    <\/div>\n\n\n    <div class=\"team-member-info-wrap m-0 p-2 wtm-col-lg-4 wtm-col-md-6 wtm-col-12 team_groups-membres post-2 page type-page status-publish hentry\" data-post-id=\"123\" role=\"listitem\" aria-label=\"Team member: H\u00e9l\u00e8ne TREMBLAY-MacLENNAN\" tabindex=\"0\">\n        <div class=\"team-member-info-content\">\n            <header>\n                                    <a href=\"https:\/\/grapfig.net\/?team_manager=helene-tremblay-mclennan\">\n                \n                <img decoding=\"async\" width=\"150\" height=\"150\" src=\"https:\/\/grapfig.net\/wp-content\/uploads\/2016\/04\/Helene_TremblayMacLennan-150x150.jpg\" class=\"dwl-box-shadow\" alt=\"H\u00e9l\u00e8ne TREMBLAY-MacLENNAN, Secr\u00e9taire adjointe\" loading=\"eager\" \/>\n                                    <\/a>\n                            <\/header>\n\n            <div class=\"team-member-desc\">\n                                            <a href=\"https:\/\/grapfig.net\/?team_manager=helene-tremblay-mclennan\">\n                                            <h2 class=\"team-member-title\">H\u00e9l\u00e8ne TREMBLAY-MacLENNAN<\/h2>\n                                            <\/a>\n                                    \n                                    <h4 class=\"team-position\">\n                        Secr\u00e9taire adjointe                    <\/h4>\n                                                    <div class=\"team-short-bio\">\n                                                    Membre du Grapfig depuis 2005. PRAG au d\u00e9partement TC. Elle enseigne l&#039;Economie et le Contr\u00f4le de gestion.                                            <\/div>\n                \n                  <div class=\"team-member-other-info\"><div class=\"team-member-info\"><i class=\"fas fa-map-marker\"><\/i> <span>IUT de Tours<\/span><\/div><\/div>\n                \n                                                    \n                                    <div class=\"wtm-read-more-wrap\">\n                        <a href=\"https:\/\/grapfig.net\/?team_manager=helene-tremblay-mclennan\" class=\"wtm-read-more\">\n                            Read More                        <\/a>\n                    <\/div>\n                            <\/div>\n        <\/div>\n    <\/div>\n\n\n    <div class=\"team-member-info-wrap m-0 p-2 wtm-col-lg-4 wtm-col-md-6 wtm-col-12 team_groups-membres post-2 page type-page status-publish hentry\" data-post-id=\"112\" role=\"listitem\" aria-label=\"Team member: Herv\u00e9 LE GOFF\" tabindex=\"0\">\n        <div class=\"team-member-info-content\">\n            <header>\n                                    <a href=\"https:\/\/grapfig.net\/?team_manager=herve-le-goff\">\n                \n                <img decoding=\"async\" width=\"150\" height=\"150\" src=\"https:\/\/grapfig.net\/wp-content\/uploads\/2018\/07\/IMG_8076-e1721551467451-150x150.jpg\" class=\"dwl-box-shadow\" alt=\"Herv\u00e9 LE GOFF, Membre\" loading=\"eager\" \/>\n                                    <\/a>\n                            <\/header>\n\n            <div class=\"team-member-desc\">\n                                            <a href=\"https:\/\/grapfig.net\/?team_manager=herve-le-goff\">\n                                            <h2 class=\"team-member-title\">Herv\u00e9 LE GOFF<\/h2>\n                                            <\/a>\n                                    \n                                    <h4 class=\"team-position\">\n                        Membre                    <\/h4>\n                                                    <div class=\"team-short-bio\">\n                                                    Membre du Grapfig depuis 20??. Ma\u00eetre de conf\u00e9rences au sein du&nbsp;d\u00e9partement TC.                                            <\/div>\n                \n                  <div class=\"team-member-other-info\"><div class=\"team-member-info\"><i class=\"fas fa-map-marker\"><\/i> <span>IUT de Quimper<\/span><\/div><\/div>\n                \n                                                    \n                                    <div class=\"wtm-read-more-wrap\">\n                        <a href=\"https:\/\/grapfig.net\/?team_manager=herve-le-goff\" class=\"wtm-read-more\">\n                            Read More                        <\/a>\n                    <\/div>\n                            <\/div>\n        <\/div>\n    <\/div>\n\n\n    <div class=\"team-member-info-wrap m-0 p-2 wtm-col-lg-4 wtm-col-md-6 wtm-col-12 team_groups-membres post-2 page type-page status-publish hentry\" data-post-id=\"87\" role=\"listitem\" aria-label=\"Team member: Isabelle ARTHUS\" tabindex=\"0\">\n        <div class=\"team-member-info-content\">\n            <header>\n                                    <a href=\"https:\/\/grapfig.net\/?team_manager=isabelle-arthus\">\n                \n                <img decoding=\"async\" width=\"150\" height=\"150\" src=\"https:\/\/grapfig.net\/wp-content\/uploads\/2016\/04\/Isabelle_Arthus-2-1-150x150.jpg\" class=\"dwl-box-shadow\" alt=\"Isabelle ARTHUS, Pr\u00e9sidente\" loading=\"eager\" \/>\n                                    <\/a>\n                            <\/header>\n\n            <div class=\"team-member-desc\">\n                                            <a href=\"https:\/\/grapfig.net\/?team_manager=isabelle-arthus\">\n                                            <h2 class=\"team-member-title\">Isabelle ARTHUS<\/h2>\n                                            <\/a>\n                                    \n                                    <h4 class=\"team-position\">\n                        Pr\u00e9sidente                    <\/h4>\n                                                    <div class=\"team-short-bio\">\n                                                    Membre du Grapfig depuis 2001. Ma\u00eetre de conf\u00e9rences \u00e0 la Facult\u00e9 Sciences et Ing\u00e9nierie Elle enseigne le contr\u00f4le de gestion et la gestion \u00e0 un public de scientifiques.                                            <\/div>\n                \n                  <div class=\"team-member-other-info\"><div class=\"team-member-info\"><i class=\"fas fa-map-marker\"><\/i> <span>Universit\u00e9 Toulouse<\/span><\/div><\/div>\n                \n                                            <div class=\"team-member-socials size-0\">\n                    <\/div>\n                        \n                                    <div class=\"wtm-read-more-wrap\">\n                        <a href=\"https:\/\/grapfig.net\/?team_manager=isabelle-arthus\" class=\"wtm-read-more\">\n                            Read More                        <\/a>\n                    <\/div>\n                            <\/div>\n        <\/div>\n    <\/div>\n\n\n    <div class=\"team-member-info-wrap m-0 p-2 wtm-col-lg-4 wtm-col-md-6 wtm-col-12 team_groups-membres post-2 page type-page status-publish hentry\" data-post-id=\"92\" role=\"listitem\" aria-label=\"Team member: Jean Paul CAP\" tabindex=\"0\">\n        <div class=\"team-member-info-content\">\n            <header>\n                                    <a href=\"https:\/\/grapfig.net\/?team_manager=jean-paul-cap\">\n                \n                <img decoding=\"async\" width=\"150\" height=\"150\" src=\"https:\/\/grapfig.net\/wp-content\/uploads\/2018\/07\/IMG_8077-e1721551365115-150x150.jpg\" class=\"dwl-box-shadow\" alt=\"Jean Paul CAP, Membre\" loading=\"eager\" \/>\n                                    <\/a>\n                            <\/header>\n\n            <div class=\"team-member-desc\">\n                                            <a href=\"https:\/\/grapfig.net\/?team_manager=jean-paul-cap\">\n                                            <h2 class=\"team-member-title\">Jean Paul CAP<\/h2>\n                                            <\/a>\n                                    \n                                    <h4 class=\"team-position\">\n                        Membre                    <\/h4>\n                                                    <div class=\"team-short-bio\">\n                                                    Membre du Grapfig depuis 19??. Retrait\u00e9 de l&#039;IUT de Quimper &nbsp; &nbsp; &nbsp;                                            <\/div>\n                \n                  <div class=\"team-member-other-info\"><div class=\"team-member-info\"><i class=\"fas fa-map-marker\"><\/i> <span>Quimper<\/span><\/div><\/div>\n                \n                                                    \n                                    <div class=\"wtm-read-more-wrap\">\n                        <a href=\"https:\/\/grapfig.net\/?team_manager=jean-paul-cap\" class=\"wtm-read-more\">\n                            Read More                        <\/a>\n                    <\/div>\n                            <\/div>\n        <\/div>\n    <\/div>\n\n\n    <div class=\"team-member-info-wrap m-0 p-2 wtm-col-lg-4 wtm-col-md-6 wtm-col-12 team_groups-membres post-2 page type-page status-publish hentry\" data-post-id=\"96\" role=\"listitem\" aria-label=\"Team member: Jean-Pierre CHERAIN\" tabindex=\"0\">\n        <div class=\"team-member-info-content\">\n            <header>\n                                    <a href=\"https:\/\/grapfig.net\/?team_manager=jean-pierre-cherain\">\n                \n                <img decoding=\"async\" width=\"150\" height=\"150\" src=\"https:\/\/grapfig.net\/wp-content\/uploads\/2016\/04\/Jean-Pierre-150x150.jpg\" class=\"dwl-box-shadow\" alt=\"Jean-Pierre CHERAIN, Membre\" loading=\"eager\" \/>\n                                    <\/a>\n                            <\/header>\n\n            <div class=\"team-member-desc\">\n                                            <a href=\"https:\/\/grapfig.net\/?team_manager=jean-pierre-cherain\">\n                                            <h2 class=\"team-member-title\">Jean-Pierre CHERAIN<\/h2>\n                                            <\/a>\n                                    \n                                    <h4 class=\"team-position\">\n                        Membre                    <\/h4>\n                                                    <div class=\"team-short-bio\">\n                                                    Membre du Grapfig depuis 1977. Retrait\u00e9 de l&#039;IUT de Troyes. Il connait toutes les bonnes adresses sur Troyes et alentours. &nbsp;                                            <\/div>\n                \n                  <div class=\"team-member-other-info\"><div class=\"team-member-info\"><i class=\"fas fa-map-marker\"><\/i> <span>Troyes<\/span><\/div><\/div>\n                \n                                                    \n                                    <div class=\"wtm-read-more-wrap\">\n                        <a href=\"https:\/\/grapfig.net\/?team_manager=jean-pierre-cherain\" class=\"wtm-read-more\">\n                            Read More                        <\/a>\n                    <\/div>\n                            <\/div>\n        <\/div>\n    <\/div>\n\n\n    <div class=\"team-member-info-wrap m-0 p-2 wtm-col-lg-4 wtm-col-md-6 wtm-col-12 team_groups-membres post-2 page type-page status-publish hentry\" data-post-id=\"3184\" role=\"listitem\" aria-label=\"Team member: Jeanne Litzler\" tabindex=\"0\">\n        <div class=\"team-member-info-content\">\n            <header>\n                                    <a href=\"https:\/\/grapfig.net\/?team_manager=jeanne-litzler\">\n                \n                <img decoding=\"async\" width=\"150\" height=\"150\" src=\"https:\/\/grapfig.net\/wp-content\/uploads\/2025\/05\/20250520_122952-150x150.jpg\" class=\"dwl-box-shadow\" alt=\"Photo of Jeanne Litzler\" loading=\"eager\" \/>\n                                    <\/a>\n                            <\/header>\n\n            <div class=\"team-member-desc\">\n                                            <a href=\"https:\/\/grapfig.net\/?team_manager=jeanne-litzler\">\n                                            <h2 class=\"team-member-title\">Jeanne Litzler<\/h2>\n                                            <\/a>\n                                    \n                                                    <div class=\"team-short-bio\">\n                                                    Membre du GRAPFIG depuis 2025                                            <\/div>\n                \n                  <div class=\"team-member-other-info\"><div class=\"team-member-info\"><i class=\"fas fa-map-marker\"><\/i> <span>IUT Besan\u00e7on<\/span><\/div><\/div>\n                \n                                            <div class=\"team-member-socials size-0\">\n                    <\/div>\n                        \n                                    <div class=\"wtm-read-more-wrap\">\n                        <a href=\"https:\/\/grapfig.net\/?team_manager=jeanne-litzler\" class=\"wtm-read-more\">\n                            Read More                        <\/a>\n                    <\/div>\n                            <\/div>\n        <\/div>\n    <\/div>\n\n\n    <div class=\"team-member-info-wrap m-0 p-2 wtm-col-lg-4 wtm-col-md-6 wtm-col-12 team_groups-membres post-2 page type-page status-publish hentry\" data-post-id=\"109\" role=\"listitem\" aria-label=\"Team member: Jo\u00ebl GUERIN\" tabindex=\"0\">\n        <div class=\"team-member-info-content\">\n            <header>\n                                    <a href=\"https:\/\/grapfig.net\/?team_manager=joel-guerin\">\n                \n                <img decoding=\"async\" width=\"150\" height=\"150\" src=\"https:\/\/grapfig.net\/wp-content\/uploads\/2016\/04\/Joel_Guerin-150x150.jpg\" class=\"dwl-box-shadow\" alt=\"Jo\u00ebl GUERIN, Membre\" loading=\"eager\" \/>\n                                    <\/a>\n                            <\/header>\n\n            <div class=\"team-member-desc\">\n                                            <a href=\"https:\/\/grapfig.net\/?team_manager=joel-guerin\">\n                                            <h2 class=\"team-member-title\">Jo\u00ebl GUERIN<\/h2>\n                                            <\/a>\n                                    \n                                    <h4 class=\"team-position\">\n                        Membre                    <\/h4>\n                                                    <div class=\"team-short-bio\">\n                                                    Membre du Grapfig depuis 1977 et pr\u00e9sident du Grapfig pendant de nombreuses ann\u00e9es. Retrait\u00e9 &nbsp;du d\u00e9partement GEA &nbsp;                                            <\/div>\n                \n                  <div class=\"team-member-other-info\"><div class=\"team-member-info\"><i class=\"fas fa-map-marker\"><\/i> <span>Nantes<\/span><\/div><\/div>\n                \n                                                    \n                                    <div class=\"wtm-read-more-wrap\">\n                        <a href=\"https:\/\/grapfig.net\/?team_manager=joel-guerin\" class=\"wtm-read-more\">\n                            Read More                        <\/a>\n                    <\/div>\n                            <\/div>\n        <\/div>\n    <\/div>\n\n\n    <div class=\"team-member-info-wrap m-0 p-2 wtm-col-lg-4 wtm-col-md-6 wtm-col-12 team_groups-membres post-2 page type-page status-publish hentry\" data-post-id=\"111\" role=\"listitem\" aria-label=\"Team member: Jo\u00ebl HAZOUARD\" tabindex=\"0\">\n        <div class=\"team-member-info-content\">\n            <header>\n                                    <a href=\"https:\/\/grapfig.net\/?team_manager=joel-hazouard\">\n                \n                <img decoding=\"async\" width=\"150\" height=\"150\" src=\"https:\/\/grapfig.net\/wp-content\/uploads\/2016\/04\/Joel_Hazouard-150x150.jpg\" class=\"dwl-box-shadow\" alt=\"Jo\u00ebl HAZOUARD, Membre\" loading=\"eager\" \/>\n                                    <\/a>\n                            <\/header>\n\n            <div class=\"team-member-desc\">\n                                            <a href=\"https:\/\/grapfig.net\/?team_manager=joel-hazouard\">\n                                            <h2 class=\"team-member-title\">Jo\u00ebl HAZOUARD<\/h2>\n                                            <\/a>\n                                    \n                                    <h4 class=\"team-position\">\n                        Membre                    <\/h4>\n                                                    <div class=\"team-short-bio\">\n                                                    Membre du Grapfig depuis 1985. Retrait\u00e9 du&nbsp;d\u00e9partement GEA.                                            <\/div>\n                \n                  <div class=\"team-member-other-info\"><div class=\"team-member-info\"><i class=\"fas fa-map-marker\"><\/i> <span>Troyes<\/span><\/div><\/div>\n                \n                                                    \n                                    <div class=\"wtm-read-more-wrap\">\n                        <a href=\"https:\/\/grapfig.net\/?team_manager=joel-hazouard\" class=\"wtm-read-more\">\n                            Read More                        <\/a>\n                    <\/div>\n                            <\/div>\n        <\/div>\n    <\/div>\n\n\n    <div class=\"team-member-info-wrap m-0 p-2 wtm-col-lg-4 wtm-col-md-6 wtm-col-12 team_groups-membres post-2 page type-page status-publish hentry\" data-post-id=\"110\" role=\"listitem\" aria-label=\"Team member: Josiane GUERIN\" tabindex=\"0\">\n        <div class=\"team-member-info-content\">\n            <header>\n                                    <a href=\"https:\/\/grapfig.net\/?team_manager=josiane-guerin\">\n                \n                <img decoding=\"async\" width=\"150\" height=\"150\" src=\"https:\/\/grapfig.net\/wp-content\/uploads\/2016\/04\/P1390180-150x150.jpg\" class=\"dwl-box-shadow\" alt=\"Josiane GUERIN, Membre\" loading=\"eager\" \/>\n                                    <\/a>\n                            <\/header>\n\n            <div class=\"team-member-desc\">\n                                            <a href=\"https:\/\/grapfig.net\/?team_manager=josiane-guerin\">\n                                            <h2 class=\"team-member-title\">Josiane GUERIN<\/h2>\n                                            <\/a>\n                                    \n                                    <h4 class=\"team-position\">\n                        Membre                    <\/h4>\n                                                    <div class=\"team-short-bio\">\n                                                    Membre du Grapfig depuis 2010. Ancienne Charg\u00e9e de Communication au Centre Scientifique et Technique du B\u00e2timent \u00e0 Nantes et proche du Grapfig depuis de nombreuses ann\u00e9es, elle a profit\u00e9 de sa retraite pour venir participer aux activit\u00e9s.                                            <\/div>\n                \n                  <div class=\"team-member-other-info\"><div class=\"team-member-info\"><i class=\"fas fa-map-marker\"><\/i> <span>Nantes<\/span><\/div><\/div>\n                \n                                                    \n                                    <div class=\"wtm-read-more-wrap\">\n                        <a href=\"https:\/\/grapfig.net\/?team_manager=josiane-guerin\" class=\"wtm-read-more\">\n                            Read More                        <\/a>\n                    <\/div>\n                            <\/div>\n        <\/div>\n    <\/div>\n\n\n    <div class=\"team-member-info-wrap m-0 p-2 wtm-col-lg-4 wtm-col-md-6 wtm-col-12 team_groups-membres post-2 page type-page status-publish hentry\" data-post-id=\"116\" role=\"listitem\" aria-label=\"Team member: Laure QUATREBOEUFS\" tabindex=\"0\">\n        <div class=\"team-member-info-content\">\n            <header>\n                                    <a href=\"https:\/\/grapfig.net\/?team_manager=laure-quatreboeufs\">\n                \n                <img decoding=\"async\" width=\"150\" height=\"150\" src=\"https:\/\/grapfig.net\/wp-content\/uploads\/2016\/04\/Laure_Quatreboeufs-150x150.jpg\" class=\"dwl-box-shadow\" alt=\"Laure QUATREBOEUFS, Membre\" loading=\"eager\" \/>\n                                    <\/a>\n                            <\/header>\n\n            <div class=\"team-member-desc\">\n                                            <a href=\"https:\/\/grapfig.net\/?team_manager=laure-quatreboeufs\">\n                                            <h2 class=\"team-member-title\">Laure QUATREBOEUFS<\/h2>\n                                            <\/a>\n                                    \n                                    <h4 class=\"team-position\">\n                        Membre                    <\/h4>\n                                                    <div class=\"team-short-bio\">\n                                                    Membre du Grapfig depuis 2010. PRAG dans le&nbsp;d\u00e9partement GEA. Elle enseigne la gestion (comptabilit\u00e9 de gestion, jeux d&#039;entreprise...).                                            <\/div>\n                \n                  <div class=\"team-member-other-info\"><div class=\"team-member-info\"><i class=\"fas fa-map-marker\"><\/i> <span>IUT de Saint Malo<\/span><\/div><\/div>\n                \n                                                    \n                                    <div class=\"wtm-read-more-wrap\">\n                        <a href=\"https:\/\/grapfig.net\/?team_manager=laure-quatreboeufs\" class=\"wtm-read-more\">\n                            Read More                        <\/a>\n                    <\/div>\n                            <\/div>\n        <\/div>\n    <\/div>\n\n\n    <div class=\"team-member-info-wrap m-0 p-2 wtm-col-lg-4 wtm-col-md-6 wtm-col-12 team_groups-membres post-2 page type-page status-publish hentry\" data-post-id=\"121\" role=\"listitem\" aria-label=\"Team member: Laurence THIBAULT\" tabindex=\"0\">\n        <div class=\"team-member-info-content\">\n            <header>\n                                    <a href=\"https:\/\/grapfig.net\/?team_manager=laurence-thibault\">\n                \n                <img decoding=\"async\" width=\"150\" height=\"150\" src=\"https:\/\/grapfig.net\/wp-content\/uploads\/2016\/04\/photo-Laurence-e1721551284600-150x150.jpg\" class=\"dwl-box-shadow\" alt=\"Laurence THIBAULT, Vice-pr\u00e9sidente\" loading=\"eager\" \/>\n                                    <\/a>\n                            <\/header>\n\n            <div class=\"team-member-desc\">\n                                            <a href=\"https:\/\/grapfig.net\/?team_manager=laurence-thibault\">\n                                            <h2 class=\"team-member-title\">Laurence THIBAULT<\/h2>\n                                            <\/a>\n                                    \n                                    <h4 class=\"team-position\">\n                        Vice-pr\u00e9sidente                    <\/h4>\n                                                    <div class=\"team-short-bio\">\n                                                    Membre du Grapfig depuis 2014. PRAG dans le&nbsp;d\u00e9partement GEA. Elle enseigne la comptabilit\u00e9                                            <\/div>\n                \n                  <div class=\"team-member-other-info\"><div class=\"team-member-info\"><i class=\"fas fa-map-marker\"><\/i> <span>IUT de Bayonne<\/span><\/div><\/div>\n                \n                                                    \n                                    <div class=\"wtm-read-more-wrap\">\n                        <a href=\"https:\/\/grapfig.net\/?team_manager=laurence-thibault\" class=\"wtm-read-more\">\n                            Read More                        <\/a>\n                    <\/div>\n                            <\/div>\n        <\/div>\n    <\/div>\n\n\n    <div class=\"team-member-info-wrap m-0 p-2 wtm-col-lg-4 wtm-col-md-6 wtm-col-12 team_groups-membres post-2 page type-page status-publish hentry\" data-post-id=\"103\" role=\"listitem\" aria-label=\"Team member: Louis DUBRULLE\" tabindex=\"0\">\n        <div class=\"team-member-info-content\">\n            <header>\n                                    <a href=\"https:\/\/grapfig.net\/?team_manager=louis-dubrulle\">\n                \n                <img decoding=\"async\" width=\"150\" height=\"150\" src=\"https:\/\/grapfig.net\/wp-content\/uploads\/2016\/04\/Louis_Dubrulle-150x150.jpg\" class=\"dwl-box-shadow\" alt=\"Louis DUBRULLE, Membre\" loading=\"eager\" \/>\n                                    <\/a>\n                            <\/header>\n\n            <div class=\"team-member-desc\">\n                                            <a href=\"https:\/\/grapfig.net\/?team_manager=louis-dubrulle\">\n                                            <h2 class=\"team-member-title\">Louis DUBRULLE<\/h2>\n                                            <\/a>\n                                    \n                                    <h4 class=\"team-position\">\n                        Membre                    <\/h4>\n                                                    <div class=\"team-short-bio\">\n                                                    Membre du Grapfig depuis 1977. C&#039;est le plus actif des retrait\u00e9s de l&#039;association. Il est notre \u0153il de lynx et d\u00e9tecte la moindre erreur dans les cas. Il enseignait la comptabilit\u00e9 de gestion et le contr\u00f4le de gestion \u00e0 l&#039;IUP...                                            <\/div>\n                \n                  <div class=\"team-member-other-info\"><div class=\"team-member-info\"><i class=\"fas fa-map-marker\"><\/i> <span>Clermont Ferrand<\/span><\/div><\/div>\n                \n                                                    \n                                    <div class=\"wtm-read-more-wrap\">\n                        <a href=\"https:\/\/grapfig.net\/?team_manager=louis-dubrulle\" class=\"wtm-read-more\">\n                            Read More                        <\/a>\n                    <\/div>\n                            <\/div>\n        <\/div>\n    <\/div>\n\n\n    <div class=\"team-member-info-wrap m-0 p-2 wtm-col-lg-4 wtm-col-md-6 wtm-col-12 team_groups-membres post-2 page type-page status-publish hentry\" data-post-id=\"101\" role=\"listitem\" aria-label=\"Team member: Lucile CHERUBIN\" tabindex=\"0\">\n        <div class=\"team-member-info-content\">\n            <header>\n                                    <a href=\"https:\/\/grapfig.net\/?team_manager=lucile-cherubin\">\n                \n                <img decoding=\"async\" width=\"150\" height=\"150\" src=\"https:\/\/grapfig.net\/wp-content\/uploads\/2016\/04\/Lucille_Cherubin-150x150.jpg\" class=\"dwl-box-shadow\" alt=\"Lucile CHERUBIN, Vice pr\u00e9sidente\" loading=\"eager\" \/>\n                                    <\/a>\n                            <\/header>\n\n            <div class=\"team-member-desc\">\n                                            <a href=\"https:\/\/grapfig.net\/?team_manager=lucile-cherubin\">\n                                            <h2 class=\"team-member-title\">Lucile CHERUBIN<\/h2>\n                                            <\/a>\n                                    \n                                    <h4 class=\"team-position\">\n                        Vice pr\u00e9sidente                    <\/h4>\n                                                    <div class=\"team-short-bio\">\n                                                    Membre du Grapfig depuis 2009. PRAG \u00e0 l&#039;UFR AES Economie Gestion. Elle enseigne la gestion comptable et financi\u00e8re et l&#039;\u00e9conomie d&#039;entreprise.                                            <\/div>\n                \n                  <div class=\"team-member-other-info\"><div class=\"team-member-info\"><i class=\"fas fa-map-marker\"><\/i> <span>Universit\u00e9 Paris 8 Saint Denis<\/span><\/div><\/div>\n                \n                                                    \n                                    <div class=\"wtm-read-more-wrap\">\n                        <a href=\"https:\/\/grapfig.net\/?team_manager=lucile-cherubin\" class=\"wtm-read-more\">\n                            Read More                        <\/a>\n                    <\/div>\n                            <\/div>\n        <\/div>\n    <\/div>\n\n\n    <div class=\"team-member-info-wrap m-0 p-2 wtm-col-lg-4 wtm-col-md-6 wtm-col-12 team_groups-membres post-2 page type-page status-publish hentry\" data-post-id=\"93\" role=\"listitem\" aria-label=\"Team member: Marie CATALO\" tabindex=\"0\">\n        <div class=\"team-member-info-content\">\n            <header>\n                                    <a href=\"https:\/\/grapfig.net\/?team_manager=marie-catalo\">\n                \n                <img decoding=\"async\" width=\"150\" height=\"150\" src=\"https:\/\/grapfig.net\/wp-content\/uploads\/2016\/04\/Marie_Catalo-150x150.jpg\" class=\"dwl-box-shadow\" alt=\"Marie CATALO, Membre\" loading=\"eager\" \/>\n                                    <\/a>\n                            <\/header>\n\n            <div class=\"team-member-desc\">\n                                            <a href=\"https:\/\/grapfig.net\/?team_manager=marie-catalo\">\n                                            <h2 class=\"team-member-title\">Marie CATALO<\/h2>\n                                            <\/a>\n                                    \n                                    <h4 class=\"team-position\">\n                        Membre                    <\/h4>\n                                                    <div class=\"team-short-bio\">\n                                                    Membre du Grapfig depuis 1995. Ma\u00eetre de conf\u00e9rences au sein du d\u00e9partement Informatique de l&#039;UFR Sciences et Techniques. Elle enseigne en MIAGE et \u00e0 l&#039;IAE notamment la comptabilit\u00e9 contr\u00f4le et les simulations de gestion                                            <\/div>\n                \n                  <div class=\"team-member-other-info\"><div class=\"team-member-info\"><i class=\"fas fa-map-marker\"><\/i> <span>Universit\u00e9 de Nantes<\/span><\/div><\/div>\n                \n                                                    \n                                    <div class=\"wtm-read-more-wrap\">\n                        <a href=\"https:\/\/grapfig.net\/?team_manager=marie-catalo\" class=\"wtm-read-more\">\n                            Read More                        <\/a>\n                    <\/div>\n                            <\/div>\n        <\/div>\n    <\/div>\n\n\n    <div class=\"team-member-info-wrap m-0 p-2 wtm-col-lg-4 wtm-col-md-6 wtm-col-12 team_groups-membres post-2 page type-page status-publish hentry\" data-post-id=\"120\" role=\"listitem\" aria-label=\"Team member: Marie-Th\u00e9r\u00e8se SALAFIA\" tabindex=\"0\">\n        <div class=\"team-member-info-content\">\n            <header>\n                                    <a href=\"https:\/\/grapfig.net\/?team_manager=marie-therese-salafia\">\n                \n                <img decoding=\"async\" width=\"150\" height=\"150\" src=\"https:\/\/grapfig.net\/wp-content\/uploads\/2016\/04\/P1390179-150x150.jpg\" class=\"dwl-box-shadow\" alt=\"Marie-Th\u00e9r\u00e8se SALAFIA, Membre\" loading=\"eager\" \/>\n                                    <\/a>\n                            <\/header>\n\n            <div class=\"team-member-desc\">\n                                            <a href=\"https:\/\/grapfig.net\/?team_manager=marie-therese-salafia\">\n                                            <h2 class=\"team-member-title\">Marie-Th\u00e9r\u00e8se SALAFIA<\/h2>\n                                            <\/a>\n                                    \n                                    <h4 class=\"team-position\">\n                        Membre                    <\/h4>\n                                                    <div class=\"team-short-bio\">\n                                                    Membre du Grapfig depuis 2005. Retrait\u00e9e du d\u00e9partement GEA Rangueil. Elle enseignait la comptabilit\u00e9 g\u00e9n\u00e9rale, la fiscalit\u00e9 et les simulations d&#039;entreprise.                                            <\/div>\n                \n                  <div class=\"team-member-other-info\"><div class=\"team-member-info\"><i class=\"fas fa-map-marker\"><\/i> <span>Toulouse<\/span><\/div><\/div>\n                \n                                            <div class=\"team-member-socials size-0\">\n                    <\/div>\n                        \n                                    <div class=\"wtm-read-more-wrap\">\n                        <a href=\"https:\/\/grapfig.net\/?team_manager=marie-therese-salafia\" class=\"wtm-read-more\">\n                            Read More                        <\/a>\n                    <\/div>\n                            <\/div>\n        <\/div>\n    <\/div>\n\n\n    <div class=\"team-member-info-wrap m-0 p-2 wtm-col-lg-4 wtm-col-md-6 wtm-col-12 team_groups-membres post-2 page type-page status-publish hentry\" data-post-id=\"3158\" role=\"listitem\" aria-label=\"Team member: M\u00e9lanie CALMELS\" tabindex=\"0\">\n        <div class=\"team-member-info-content\">\n            <header>\n                                    <a href=\"https:\/\/grapfig.net\/?team_manager=melanie-calmels\">\n                \n                <img decoding=\"async\" src=\"https:\/\/grapfig.net\/wp-content\/plugins\/wp-team-manager\/includes\/Classes\/assets\/images\/placeholder.png\" alt=\"Team member placeholder image\" class=\"dwl-box-shadow\" loading=\"eager\" \/>\n                                    <\/a>\n                            <\/header>\n\n            <div class=\"team-member-desc\">\n                                            <a href=\"https:\/\/grapfig.net\/?team_manager=melanie-calmels\">\n                                            <h2 class=\"team-member-title\">M\u00e9lanie CALMELS<\/h2>\n                                            <\/a>\n                                    \n                                    <h4 class=\"team-position\">\n                        Tr\u00e9sori\u00e8re adjointe                    <\/h4>\n                                                    <div class=\"team-short-bio\">\n                                                    Membre du GRAPFIG depuis 2024 PRAG au d\u00e9partement GEA                                            <\/div>\n                \n                  <div class=\"team-member-other-info\"><div class=\"team-member-info\"><i class=\"fas fa-map-marker\"><\/i> <span>IUT de Rodez<\/span><\/div><\/div>\n                \n                                            <div class=\"team-member-socials size-0\">\n                    <\/div>\n                        \n                                    <div class=\"wtm-read-more-wrap\">\n                        <a href=\"https:\/\/grapfig.net\/?team_manager=melanie-calmels\" class=\"wtm-read-more\">\n                            Read More                        <\/a>\n                    <\/div>\n                            <\/div>\n        <\/div>\n    <\/div>\n\n\n    <div class=\"team-member-info-wrap m-0 p-2 wtm-col-lg-4 wtm-col-md-6 wtm-col-12 team_groups-membres post-2 page type-page status-publish hentry\" data-post-id=\"2197\" role=\"listitem\" aria-label=\"Team member: Nadine PINATEL\" tabindex=\"0\">\n        <div class=\"team-member-info-content\">\n            <header>\n                                    <a href=\"https:\/\/grapfig.net\/?team_manager=nadine-pinatel\">\n                \n                <img decoding=\"async\" width=\"150\" height=\"150\" src=\"https:\/\/grapfig.net\/wp-content\/uploads\/2023\/05\/20250520_123014-150x150.jpg\" class=\"dwl-box-shadow\" alt=\"Photo of Nadine PINATEL\" loading=\"eager\" \/>\n                                    <\/a>\n                            <\/header>\n\n            <div class=\"team-member-desc\">\n                                            <a href=\"https:\/\/grapfig.net\/?team_manager=nadine-pinatel\">\n                                            <h2 class=\"team-member-title\">Nadine PINATEL<\/h2>\n                                            <\/a>\n                                    \n                                                    <div class=\"team-short-bio\">\n                                                    Membre du GRAPFIG depuis 2020. PRAG dans le d\u00e9partement CJ Enseigne la gestion (comptabilit\u00e9, calcul de co\u00fbts, ...)                                            <\/div>\n                \n                  <div class=\"team-member-other-info\"><div class=\"team-member-info\"><i class=\"fas fa-map-marker\"><\/i> <span>IUT de Narbonne<\/span><\/div><\/div>\n                \n                                            <div class=\"team-member-socials size-0\">\n                    <\/div>\n                        \n                                    <div class=\"wtm-read-more-wrap\">\n                        <a href=\"https:\/\/grapfig.net\/?team_manager=nadine-pinatel\" class=\"wtm-read-more\">\n                            Read More                        <\/a>\n                    <\/div>\n                            <\/div>\n        <\/div>\n    <\/div>\n\n\n    <div class=\"team-member-info-wrap m-0 p-2 wtm-col-lg-4 wtm-col-md-6 wtm-col-12 team_groups-membres post-2 page type-page status-publish hentry\" data-post-id=\"2199\" role=\"listitem\" aria-label=\"Team member: Nicolas PRAQUIN\" tabindex=\"0\">\n        <div class=\"team-member-info-content\">\n            <header>\n                                    <a href=\"https:\/\/grapfig.net\/?team_manager=nicolas-praquin\">\n                \n                <img decoding=\"async\" src=\"https:\/\/grapfig.net\/wp-content\/plugins\/wp-team-manager\/includes\/Classes\/assets\/images\/placeholder.png\" alt=\"Team member placeholder image\" class=\"dwl-box-shadow\" loading=\"eager\" \/>\n                                    <\/a>\n                            <\/header>\n\n            <div class=\"team-member-desc\">\n                                            <a href=\"https:\/\/grapfig.net\/?team_manager=nicolas-praquin\">\n                                            <h2 class=\"team-member-title\">Nicolas PRAQUIN<\/h2>\n                                            <\/a>\n                                    \n                                    <h4 class=\"team-position\">\n                        Membre                    <\/h4>\n                                                    <div class=\"team-short-bio\">\n                                                    Membre du GRAPFIG depuis 2020 Professeur des universit\u00e9s                                            <\/div>\n                \n                  <div class=\"team-member-other-info\"><div class=\"team-member-info\"><i class=\"fas fa-map-marker\"><\/i> <span>IAE de Rouen<\/span><\/div><\/div>\n                \n                                            <div class=\"team-member-socials size-0\">\n                    <\/div>\n                        \n                                    <div class=\"wtm-read-more-wrap\">\n                        <a href=\"https:\/\/grapfig.net\/?team_manager=nicolas-praquin\" class=\"wtm-read-more\">\n                            Read More                        <\/a>\n                    <\/div>\n                            <\/div>\n        <\/div>\n    <\/div>\n\n\n    <div class=\"team-member-info-wrap m-0 p-2 wtm-col-lg-4 wtm-col-md-6 wtm-col-12 team_groups-membres post-2 page type-page status-publish hentry\" data-post-id=\"85\" role=\"listitem\" aria-label=\"Team member: No\u00ebl BARBU\" tabindex=\"0\">\n        <div class=\"team-member-info-content\">\n            <header>\n                                    <a href=\"https:\/\/grapfig.net\/?team_manager=noel-barbu\">\n                \n                <img decoding=\"async\" src=\"https:\/\/grapfig.net\/wp-content\/plugins\/wp-team-manager\/includes\/Classes\/assets\/images\/placeholder.png\" alt=\"Team member placeholder image\" class=\"dwl-box-shadow\" loading=\"eager\" \/>\n                                    <\/a>\n                            <\/header>\n\n            <div class=\"team-member-desc\">\n                                            <a href=\"https:\/\/grapfig.net\/?team_manager=noel-barbu\">\n                                            <h2 class=\"team-member-title\">No\u00ebl BARBU<\/h2>\n                                            <\/a>\n                                    \n                                    <h4 class=\"team-position\">\n                        Membre                    <\/h4>\n                                                    <div class=\"team-short-bio\">\n                                                    Membre du Grapfig depuis 19?? Ma\u00eetre de conf\u00e9rences au d\u00e9partement GEA. Il enseigne le contr\u00f4le de gestion et la comptabilit\u00e9 de gestion. &nbsp;                                            <\/div>\n                \n                  <div class=\"team-member-other-info\"><div class=\"team-member-info\"><i class=\"fas fa-map-marker\"><\/i> <span>IUT de Nantes<\/span><\/div><\/div>\n                \n                                                    \n                                    <div class=\"wtm-read-more-wrap\">\n                        <a href=\"https:\/\/grapfig.net\/?team_manager=noel-barbu\" class=\"wtm-read-more\">\n                            Read More                        <\/a>\n                    <\/div>\n                            <\/div>\n        <\/div>\n    <\/div>\n\n\n    <div class=\"team-member-info-wrap m-0 p-2 wtm-col-lg-4 wtm-col-md-6 wtm-col-12 team_groups-membres post-2 page type-page status-publish hentry\" data-post-id=\"52\" role=\"listitem\" aria-label=\"Team member: Philippe AUBEUF\" tabindex=\"0\">\n        <div class=\"team-member-info-content\">\n            <header>\n                                    <a href=\"https:\/\/grapfig.net\/?team_manager=philippe-aubeuf\">\n                \n                <img decoding=\"async\" width=\"150\" height=\"150\" src=\"https:\/\/grapfig.net\/wp-content\/uploads\/2016\/04\/Philippe_Aubeuf-150x150.jpg\" class=\"dwl-box-shadow\" alt=\"Philippe AUBEUF, Tr\u00e9sorier\" loading=\"eager\" \/>\n                                    <\/a>\n                            <\/header>\n\n            <div class=\"team-member-desc\">\n                                            <a href=\"https:\/\/grapfig.net\/?team_manager=philippe-aubeuf\">\n                                            <h2 class=\"team-member-title\">Philippe AUBEUF<\/h2>\n                                            <\/a>\n                                    \n                                    <h4 class=\"team-position\">\n                        Tr\u00e9sorier                    <\/h4>\n                                                    <div class=\"team-short-bio\">\n                                                    Membre du Grapfig depuis 2010. PRAG au sein du d\u00e9partement GEA Il enseigne l&#039;informatique de gestion, le projet professionnel. &nbsp;                                            <\/div>\n                \n                  <div class=\"team-member-other-info\"><div class=\"team-member-info\"><i class=\"fas fa-map-marker\"><\/i> <span>IUT de Besan\u00e7on<\/span><\/div><\/div>\n                \n                                            <div class=\"team-member-socials size-0\">\n                                <a class=\"linkedin-0\" href=\"https:\/\/fr.linkedin.com\/in\/philippe-aubeuf-4482347a\" title=\"LinkedIn\">\n                        <i class=\"fab fa-linkedin\"><\/i>\n                    <\/a>\n                        <\/div>\n                        \n                                    <div class=\"wtm-read-more-wrap\">\n                        <a href=\"https:\/\/grapfig.net\/?team_manager=philippe-aubeuf\" class=\"wtm-read-more\">\n                            Read More                        <\/a>\n                    <\/div>\n                            <\/div>\n        <\/div>\n    <\/div>\n\n\n    <div class=\"team-member-info-wrap m-0 p-2 wtm-col-lg-4 wtm-col-md-6 wtm-col-12 team_groups-membres post-2 page type-page status-publish hentry\" data-post-id=\"113\" role=\"listitem\" aria-label=\"Team member: Pierre MADELAIN\" tabindex=\"0\">\n        <div class=\"team-member-info-content\">\n            <header>\n                                    <a href=\"https:\/\/grapfig.net\/?team_manager=pierre-madelain\">\n                \n                <img decoding=\"async\" width=\"150\" height=\"150\" src=\"https:\/\/grapfig.net\/wp-content\/uploads\/2016\/04\/Pierre_Madelain-150x150.jpg\" class=\"dwl-box-shadow\" alt=\"Pierre MADELAIN, Membre\" loading=\"eager\" \/>\n                                    <\/a>\n                            <\/header>\n\n            <div class=\"team-member-desc\">\n                                            <a href=\"https:\/\/grapfig.net\/?team_manager=pierre-madelain\">\n                                            <h2 class=\"team-member-title\">Pierre MADELAIN<\/h2>\n                                            <\/a>\n                                    \n                                    <h4 class=\"team-position\">\n                        Membre                    <\/h4>\n                                                    <div class=\"team-short-bio\">\n                                                    Membre du Grapfig depuis 1986 Retrait\u00e9, il enseignait le contr\u00f4le de gestion et la gestion financi\u00e8re au d\u00e9partement GEA de l&#039;IUT de Nantes.                                            <\/div>\n                \n                  <div class=\"team-member-other-info\"><div class=\"team-member-info\"><i class=\"fas fa-map-marker\"><\/i> <span>Nantes<\/span><\/div><\/div>\n                \n                                                    \n                                    <div class=\"wtm-read-more-wrap\">\n                        <a href=\"https:\/\/grapfig.net\/?team_manager=pierre-madelain\" class=\"wtm-read-more\">\n                            Read More                        <\/a>\n                    <\/div>\n                            <\/div>\n        <\/div>\n    <\/div>\n\n\n    <div class=\"team-member-info-wrap m-0 p-2 wtm-col-lg-4 wtm-col-md-6 wtm-col-12 team_groups-membres post-2 page type-page status-publish hentry\" data-post-id=\"115\" role=\"listitem\" aria-label=\"Team member: S\u00e9bastien PIQUET\" tabindex=\"0\">\n        <div class=\"team-member-info-content\">\n            <header>\n                                    <a href=\"https:\/\/grapfig.net\/?team_manager=sebastien-piquet\">\n                \n                <img decoding=\"async\" width=\"150\" height=\"150\" src=\"https:\/\/grapfig.net\/wp-content\/uploads\/2016\/04\/Sebastien_Piquet-150x150.jpg\" class=\"dwl-box-shadow\" alt=\"S\u00e9bastien PIQUET, Membre\" loading=\"eager\" \/>\n                                    <\/a>\n                            <\/header>\n\n            <div class=\"team-member-desc\">\n                                            <a href=\"https:\/\/grapfig.net\/?team_manager=sebastien-piquet\">\n                                            <h2 class=\"team-member-title\">S\u00e9bastien PIQUET<\/h2>\n                                            <\/a>\n                                    \n                                    <h4 class=\"team-position\">\n                        Membre                    <\/h4>\n                                                    <div class=\"team-short-bio\">\n                                                    Membre du Grapfig depuis 2001. PRAG dans le\u00a0d\u00e9partement Tech de Co. Il enseigne la gestion. &nbsp;                                            <\/div>\n                \n                  <div class=\"team-member-other-info\"><div class=\"team-member-info\"><i class=\"fas fa-map-marker\"><\/i> <span>IUT de Quimper<\/span><\/div><\/div>\n                \n                                                    \n                                    <div class=\"wtm-read-more-wrap\">\n                        <a href=\"https:\/\/grapfig.net\/?team_manager=sebastien-piquet\" class=\"wtm-read-more\">\n                            Read More                        <\/a>\n                    <\/div>\n                            <\/div>\n        <\/div>\n    <\/div>\n\n          \n        <\/div>\n              <\/div>\n    <script>\n      (function(){\n        var root = document.getElementById(\"dwl-team-wrapper-3182\");\n        if (!root) return;\n\n        \/\/ try to find a list container inside the wrapper\n        var list =\n          root.querySelector(\".dwl-team-row\") ||\n          root.querySelector(\".dwl-isotope-grid\") ||\n          root.querySelector(\".wtm-row\") ||\n          root; \/\/ fallback to wrapper\n\n        if (list && !list.hasAttribute(\"role\")) {\n          list.setAttribute(\"role\",\"list\");\n        }\n\n        var items = root.querySelectorAll(\".team-member-info-wrap\");\n        items.forEach(function(el){\n          if (!el.hasAttribute(\"role\")) {\n            el.setAttribute(\"role\",\"listitem\");\n          }\n          \/\/ Optional: use the member title as aria-label for the card\n          var title = el.querySelector(\".team-member-title\");\n          if (title && !el.hasAttribute(\"aria-label\")) {\n            var txt = title.textContent || title.innerText || \"\";\n            if (txt.trim()) {\n              el.setAttribute(\"aria-label\", txt.trim());\n            }\n          }\n        });\n\n        \/\/ Ensure images have alt text: fallback to member name if alt is empty\n        var imgs = root.querySelectorAll(\"img\");\n        imgs.forEach(function(img){\n          if (img && (!img.hasAttribute(\"alt\") || img.getAttribute(\"alt\") === \"\")) {\n            \/\/ try to find the nearest title text\n            var card = img.closest(\".team-member-info-wrap\");\n            var title = card ? card.querySelector(\".team-member-title\") : null;\n            var txt = title ? (title.textContent || title.innerText || \"\").trim() : \"\";\n            if (txt) {\n              img.setAttribute(\"alt\", txt);\n            } else {\n              img.setAttribute(\"alt\", \"\");\n            }\n          }\n        });\n      })();\n      <\/script><\/code><\/p>\n","protected":false},"excerpt":{"rendered":"<p>Le GRAPFIG (Groupe de Recherche et d&#8217;Applications P\u00e9dagogiques en FInance et Gestion) rassemble des enseignants et enseignants chercheurs de gestion d&#8217;IUT et d&#8217;autres composantes universitaires ou Ecole d&#8217;Ing\u00e9nieurs. L&#8217;objectif de l&#8217;association est la production d&#8217;outils p\u00e9dagogiques innovants pour l&#8217;enseignement de la gestion. Lors de s\u00e9minaires de r\u00e9flexion et de production,\u2026 <a class=\"continue-reading-link\" href=\"https:\/\/grapfig.net\/?page_id=2\">Continue reading<\/a><\/p>\n","protected":false},"author":1,"featured_media":0,"parent":0,"menu_order":1,"comment_status":"closed","ping_status":"open","template":"templates\/template-onecolumn.php","meta":{"ngg_post_thumbnail":0,"footnotes":""},"folder":[],"class_list":["post-2","page","type-page","status-publish","hentry"],"_links":{"self":[{"href":"https:\/\/grapfig.net\/index.php?rest_route=\/wp\/v2\/pages\/2","targetHints":{"allow":["GET"]}}],"collection":[{"href":"https:\/\/grapfig.net\/index.php?rest_route=\/wp\/v2\/pages"}],"about":[{"href":"https:\/\/grapfig.net\/index.php?rest_route=\/wp\/v2\/types\/page"}],"author":[{"embeddable":true,"href":"https:\/\/grapfig.net\/index.php?rest_route=\/wp\/v2\/users\/1"}],"replies":[{"embeddable":true,"href":"https:\/\/grapfig.net\/index.php?rest_route=%2Fwp%2Fv2%2Fcomments&post=2"}],"version-history":[{"count":24,"href":"https:\/\/grapfig.net\/index.php?rest_route=\/wp\/v2\/pages\/2\/revisions"}],"predecessor-version":[{"id":3183,"href":"https:\/\/grapfig.net\/index.php?rest_route=\/wp\/v2\/pages\/2\/revisions\/3183"}],"wp:attachment":[{"href":"https:\/\/grapfig.net\/index.php?rest_route=%2Fwp%2Fv2%2Fmedia&parent=2"}],"wp:term":[{"taxonomy":"folder","embeddable":true,"href":"https:\/\/grapfig.net\/index.php?rest_route=%2Fwp%2Fv2%2Ffolder&post=2"}],"curies":[{"name":"wp","href":"https:\/\/api.w.org\/{rel}","templated":true}]}}